




{"id":4389,"date":"2020-08-13T10:21:43","date_gmt":"2020-08-13T15:21:43","guid":{"rendered":"https:\/\/fise.co\/?post_type=proveedores&#038;p=4389"},"modified":"2020-08-13T10:21:43","modified_gmt":"2020-08-13T15:21:43","slug":"electricas-jimenez-y-mejia","status":"publish","type":"proveedores","link":"https:\/\/fise.co\/en\/proveedores\/electricas-jimenez-y-mejia\/","title":{"rendered":"EL\u00c9CTRICAS JIMENEZ Y MEJIA"},"content":{"rendered":"<p>Somos una empresa de Ingenier\u00eda El\u00e9ctrica, enfocada en el dise\u00f1o, construcci\u00f3n y mantenimiento de: Redes el\u00e9ctricas en media y baja tensi\u00f3n, mallas de puesta a tierra y sistemas de protecci\u00f3n contra rayos, instalaciones de baja tensi\u00f3n a prueba de explosi\u00f3n. Servicio de mantenimiento de subestaciones el\u00e9ctricas en media y baja tensi\u00f3n, mantenimiento y adecuaci\u00f3n de redes el\u00e9ctricas, de voz y datos, instalaci\u00f3n de equipos de voz y datos. Suministro de materiales para instalaciones el\u00e9ctricas y de comunicaciones. Construcci\u00f3n de obras civiles complementarias.<\/p>\n<ul class=\"wpuf_customs\">            <li class=\"wpuf-field-data wpuf-field-data-text_field\">\n                                    <label>Tel\u00e9fono de tu empresa:<\/label>\n                                3104627849            <\/li>\n                    <li class=\"wpuf-field-data wpuf-field-data-website_url\">\n                                    <label>Sitio web:<\/label>\n                                <a href=\"https:\/\/www.electricasjym.net\"\n                     > https:\/\/www.electricasjym.net <\/a>\n            <\/li>\n        <li><label>Pa\u00eds:<\/label> Colombia<\/li>            <li class=\"wpuf-field-data wpuf-field-data-text_field\">\n                                    <label>Ciudad:<\/label>\n                                Medell\u00edn            <\/li>\n                    <li class=\"wpuf-field-data wpuf-field-data-text_field\">\n                                    <label>Departamento:<\/label>\n                                Antioquia            <\/li>\n                    <li class=\"wpuf-field-data wpuf-field-data-text_field\">\n                                    <label>Producto o servicio:<\/label>\n                                Mantenimiento Alumbrado Publico            <\/li>\n                    <li class=\"wpuf-field-data wpuf-field-data-text_field\">\n                                    <label>Producto o servicio 2:<\/label>\n                                Expansi\u00f3n alumbrado publico            <\/li>\n                    <li class=\"wpuf-field-data wpuf-field-data-text_field\">\n                                    <label>Producto o servicio 3:<\/label>\n                                Mantenimiento de redes            <\/li>\n                    <li class=\"wpuf-field-data wpuf-field-data-text_field\">\n                                    <label>Producto o servicio 4:<\/label>\n                                Subestaciones electricas            <\/li>\n                    <li class=\"wpuf-field-data wpuf-field-data-text_field\">\n                                    <label>Producto o servicio 5:<\/label>\n                                Cableado estructurado            <\/li>\n                    <li class=\"wpuf-field-data wpuf-field-data-text_field\">\n                                    <label>Producto o servicio 6:<\/label>\n                                Iluminaci\u00f3n            <\/li>\n                    <li class=\"wpuf-field-data wpuf-field-data-text_field\">\n                                    <label>Producto o servicio 7:<\/label>\n                                Comunicaciones            <\/li>\n                    <li class=\"wpuf-field-data wpuf-field-data-text_field\">\n                                    <label>Producto o servicio 8:<\/label>\n                                media tensi\u00f3n            <\/li>\n                    <li class=\"wpuf-field-data wpuf-field-data-text_field\">\n                                    <label>Producto o servicio 9:<\/label>\n                                Baja tensi\u00f3n            <\/li>\n                    <li class=\"wpuf-field-data wpuf-field-data-text_field\">\n                                    <label>Producto o servicio 10:<\/label>\n                                adecuaciones electricas            <\/li>\n                    <li class=\"wpuf-field-data wpuf-field-data-dropdown_field\">\n                                    <label>Categor\u00eda:<\/label>\n                                Bienes y servicios conexos            <\/li>\n                    <li class=\"wpuf-field-data wpuf-field-data-text_field\">\n                                    <label>Nombre y apellido:<\/label>\n                                Jorge Ivan Mejia            <\/li>\n                    <li class=\"wpuf-field-data wpuf-field-data-email_address\">\n                                    <label>Correo electr\u00f3nico:<\/label>\n                                <a href=\"mailto:jym@une.net.co\">jym@une.net.co<\/a>            <\/li>\n                <li class=\"wpuf-field-data wpuf-field-data-numeric_text_field\">\n                            <label>Celular:<\/label>\n                        3104627849        <\/li>\n                    <li class=\"wpuf-field-data wpuf-field-data-text_field\">\n                                    <label>Nombre y apellido:<\/label>\n                                samuel mejia            <\/li>\n                    <li class=\"wpuf-field-data wpuf-field-data-email_address\">\n                                    <label>Correo electr\u00f3nico:<\/label>\n                                <a href=\"mailto:samuel.mejia@jym.com.co\">samuel.mejia@jym.com.co<\/a>            <\/li>\n                <li class=\"wpuf-field-data wpuf-field-data-numeric_text_field\">\n                            <label>Celular:<\/label>\n                        3104245181        <\/li>\n                    <li class=\"wpuf-field-data wpuf-field-data-website_url\">\n                                    <label>Instagram:<\/label>\n                                <a href=\"https:\/\/www.instagram.com\/Electricas_jym\"\n                     > https:\/\/www.instagram.com\/Electricas_jym <\/a>\n            <\/li>\n        <\/ul>","protected":false},"excerpt":{"rendered":"<p>Somos una empresa de Ingenier\u00eda El\u00e9ctrica, enfocada en el dise\u00f1o, construcci\u00f3n y mantenimiento de: Redes el\u00e9ctricas en media y baja tensi\u00f3n, mallas de puesta a tierra y sistemas de protecci\u00f3n contra rayos, instalaciones de baja tensi\u00f3n a prueba de explosi\u00f3n. Servicio de mantenimiento de subestaciones el\u00e9ctricas en media y baja tensi\u00f3n, mantenimiento y adecuaci\u00f3n de [&hellip;]<\/p>\n","protected":false},"author":253,"featured_media":4388,"menu_order":0,"template":"","format":"standard","meta":{"_et_pb_use_builder":"","_et_pb_old_content":"","_et_gb_content_width":"","inline_featured_image":false,"footnotes":""},"tipo_de_actividad":[156,167],"academia":[],"asociaciones_y_gremios":[],"bienes_y_servicios_conexos":[106,107,109,110,112,115,116,172,121,122,173,123],"consumo":[],"generacion":[],"gobierno_e_instituciones":[],"power_y_utilities":[],"transmision_y_distribucion":[],"otro":[],"otras_actividades":[],"listado_proveedores":[267],"class_list":["post-4389","proveedores","type-proveedores","status-publish","format-standard","has-post-thumbnail","hentry","tipo_de_actividad-servicios","tipo_de_actividad-otros","bienes_y_servicios_conexos-alumbrado-publico","bienes_y_servicios_conexos-asesoria-y-consultoria","bienes_y_servicios_conexos-construccion","bienes_y_servicios_conexos-construccion-de-obras-civiles","bienes_y_servicios_conexos-diseno-de-iluminacion-interior-y-exterior","bienes_y_servicios_conexos-estudios-y-diseno","bienes_y_servicios_conexos-gerencia-de-proyectos","bienes_y_servicios_conexos-montaje","bienes_y_servicios_conexos-movilidad-electrica","bienes_y_servicios_conexos-operacion-y-mantenimiento","bienes_y_servicios_conexos-pruebas-y-puesta-en-servicio","bienes_y_servicios_conexos-telecomunicaciones","listado_proveedores-electricas-jimenez-y-mejia"],"yoast_head":"<!-- This site is optimized with the Yoast SEO plugin v27.0 - https:\/\/yoast.com\/product\/yoast-seo-wordpress\/ -->\n<title>EL\u00c9CTRICAS JIMENEZ Y MEJIA - FISE<\/title>\n<meta name=\"robots\" content=\"index, follow, max-snippet:-1, max-image-preview:large, max-video-preview:-1\" \/>\n<link rel=\"canonical\" href=\"https:\/\/fise.co\/en\/proveedores\/electricas-jimenez-y-mejia\/\" \/>\n<meta property=\"og:locale\" content=\"en_US\" \/>\n<meta property=\"og:type\" content=\"article\" \/>\n<meta property=\"og:title\" content=\"EL\u00c9CTRICAS JIMENEZ Y MEJIA - FISE\" \/>\n<meta property=\"og:description\" content=\"Somos una empresa de Ingenier\u00eda El\u00e9ctrica, enfocada en el dise\u00f1o, construcci\u00f3n y mantenimiento de: Redes el\u00e9ctricas en media y baja tensi\u00f3n, mallas de puesta a tierra y sistemas de protecci\u00f3n contra rayos, instalaciones de baja tensi\u00f3n a prueba de explosi\u00f3n. Servicio de mantenimiento de subestaciones el\u00e9ctricas en media y baja tensi\u00f3n, mantenimiento y adecuaci\u00f3n de [&hellip;]\" \/>\n<meta property=\"og:url\" content=\"https:\/\/fise.co\/en\/proveedores\/electricas-jimenez-y-mejia\/\" \/>\n<meta property=\"og:site_name\" content=\"FISE\" \/>\n<meta property=\"og:image\" content=\"https:\/\/fise.co\/wp-content\/uploads\/2020\/08\/logo-Model-001-GIF.gif\" \/>\n\t<meta property=\"og:image:width\" content=\"1684\" \/>\n\t<meta property=\"og:image:height\" content=\"1190\" \/>\n\t<meta property=\"og:image:type\" content=\"image\/gif\" \/>\n<meta name=\"twitter:card\" content=\"summary_large_image\" \/>\n<script type=\"application\/ld+json\" class=\"yoast-schema-graph\">{\"@context\":\"https:\/\/schema.org\",\"@graph\":[{\"@type\":\"WebPage\",\"@id\":\"https:\/\/fise.co\/en\/proveedores\/electricas-jimenez-y-mejia\/\",\"url\":\"https:\/\/fise.co\/en\/proveedores\/electricas-jimenez-y-mejia\/\",\"name\":\"EL\u00c9CTRICAS JIMENEZ Y MEJIA - FISE\",\"isPartOf\":{\"@id\":\"https:\/\/fise.co\/en\/#website\"},\"primaryImageOfPage\":{\"@id\":\"https:\/\/fise.co\/en\/proveedores\/electricas-jimenez-y-mejia\/#primaryimage\"},\"image\":{\"@id\":\"https:\/\/fise.co\/en\/proveedores\/electricas-jimenez-y-mejia\/#primaryimage\"},\"thumbnailUrl\":\"https:\/\/fise.co\/wp-content\/uploads\/2020\/08\/logo-Model-001-GIF.gif\",\"datePublished\":\"2020-08-13T15:21:43+00:00\",\"breadcrumb\":{\"@id\":\"https:\/\/fise.co\/en\/proveedores\/electricas-jimenez-y-mejia\/#breadcrumb\"},\"inLanguage\":\"en-US\",\"potentialAction\":[{\"@type\":\"ReadAction\",\"target\":[\"https:\/\/fise.co\/en\/proveedores\/electricas-jimenez-y-mejia\/\"]}]},{\"@type\":\"ImageObject\",\"inLanguage\":\"en-US\",\"@id\":\"https:\/\/fise.co\/en\/proveedores\/electricas-jimenez-y-mejia\/#primaryimage\",\"url\":\"https:\/\/fise.co\/wp-content\/uploads\/2020\/08\/logo-Model-001-GIF.gif\",\"contentUrl\":\"https:\/\/fise.co\/wp-content\/uploads\/2020\/08\/logo-Model-001-GIF.gif\",\"width\":1684,\"height\":1190},{\"@type\":\"BreadcrumbList\",\"@id\":\"https:\/\/fise.co\/en\/proveedores\/electricas-jimenez-y-mejia\/#breadcrumb\",\"itemListElement\":[{\"@type\":\"ListItem\",\"position\":1,\"name\":\"Home\",\"item\":\"https:\/\/fise.co\/en\/\"},{\"@type\":\"ListItem\",\"position\":2,\"name\":\"Proveedores\",\"item\":\"https:\/\/fise.co\/en\/proveedores\/\"},{\"@type\":\"ListItem\",\"position\":3,\"name\":\"EL\u00c9CTRICAS JIMENEZ Y MEJIA\"}]},{\"@type\":\"WebSite\",\"@id\":\"https:\/\/fise.co\/en\/#website\",\"url\":\"https:\/\/fise.co\/en\/\",\"name\":\"FISE\",\"description\":\"Transforma la energ\u00eda en buenos negocios\",\"potentialAction\":[{\"@type\":\"SearchAction\",\"target\":{\"@type\":\"EntryPoint\",\"urlTemplate\":\"https:\/\/fise.co\/en\/?s={search_term_string}\"},\"query-input\":{\"@type\":\"PropertyValueSpecification\",\"valueRequired\":true,\"valueName\":\"search_term_string\"}}],\"inLanguage\":\"en-US\"}]}<\/script>\n<!-- \/ Yoast SEO plugin. -->","yoast_head_json":{"title":"EL\u00c9CTRICAS JIMENEZ Y MEJIA - FISE","robots":{"index":"index","follow":"follow","max-snippet":"max-snippet:-1","max-image-preview":"max-image-preview:large","max-video-preview":"max-video-preview:-1"},"canonical":"https:\/\/fise.co\/en\/proveedores\/electricas-jimenez-y-mejia\/","og_locale":"en_US","og_type":"article","og_title":"EL\u00c9CTRICAS JIMENEZ Y MEJIA - FISE","og_description":"Somos una empresa de Ingenier\u00eda El\u00e9ctrica, enfocada en el dise\u00f1o, construcci\u00f3n y mantenimiento de: Redes el\u00e9ctricas en media y baja tensi\u00f3n, mallas de puesta a tierra y sistemas de protecci\u00f3n contra rayos, instalaciones de baja tensi\u00f3n a prueba de explosi\u00f3n. Servicio de mantenimiento de subestaciones el\u00e9ctricas en media y baja tensi\u00f3n, mantenimiento y adecuaci\u00f3n de [&hellip;]","og_url":"https:\/\/fise.co\/en\/proveedores\/electricas-jimenez-y-mejia\/","og_site_name":"FISE","og_image":[{"width":1684,"height":1190,"url":"https:\/\/fise.co\/wp-content\/uploads\/2020\/08\/logo-Model-001-GIF.gif","type":"image\/gif"}],"twitter_card":"summary_large_image","schema":{"@context":"https:\/\/schema.org","@graph":[{"@type":"WebPage","@id":"https:\/\/fise.co\/en\/proveedores\/electricas-jimenez-y-mejia\/","url":"https:\/\/fise.co\/en\/proveedores\/electricas-jimenez-y-mejia\/","name":"EL\u00c9CTRICAS JIMENEZ Y MEJIA - FISE","isPartOf":{"@id":"https:\/\/fise.co\/en\/#website"},"primaryImageOfPage":{"@id":"https:\/\/fise.co\/en\/proveedores\/electricas-jimenez-y-mejia\/#primaryimage"},"image":{"@id":"https:\/\/fise.co\/en\/proveedores\/electricas-jimenez-y-mejia\/#primaryimage"},"thumbnailUrl":"https:\/\/fise.co\/wp-content\/uploads\/2020\/08\/logo-Model-001-GIF.gif","datePublished":"2020-08-13T15:21:43+00:00","breadcrumb":{"@id":"https:\/\/fise.co\/en\/proveedores\/electricas-jimenez-y-mejia\/#breadcrumb"},"inLanguage":"en-US","potentialAction":[{"@type":"ReadAction","target":["https:\/\/fise.co\/en\/proveedores\/electricas-jimenez-y-mejia\/"]}]},{"@type":"ImageObject","inLanguage":"en-US","@id":"https:\/\/fise.co\/en\/proveedores\/electricas-jimenez-y-mejia\/#primaryimage","url":"https:\/\/fise.co\/wp-content\/uploads\/2020\/08\/logo-Model-001-GIF.gif","contentUrl":"https:\/\/fise.co\/wp-content\/uploads\/2020\/08\/logo-Model-001-GIF.gif","width":1684,"height":1190},{"@type":"BreadcrumbList","@id":"https:\/\/fise.co\/en\/proveedores\/electricas-jimenez-y-mejia\/#breadcrumb","itemListElement":[{"@type":"ListItem","position":1,"name":"Home","item":"https:\/\/fise.co\/en\/"},{"@type":"ListItem","position":2,"name":"Proveedores","item":"https:\/\/fise.co\/en\/proveedores\/"},{"@type":"ListItem","position":3,"name":"EL\u00c9CTRICAS JIMENEZ Y MEJIA"}]},{"@type":"WebSite","@id":"https:\/\/fise.co\/en\/#website","url":"https:\/\/fise.co\/en\/","name":"FISE","description":"Transforma la energ\u00eda en buenos negocios","potentialAction":[{"@type":"SearchAction","target":{"@type":"EntryPoint","urlTemplate":"https:\/\/fise.co\/en\/?s={search_term_string}"},"query-input":{"@type":"PropertyValueSpecification","valueRequired":true,"valueName":"search_term_string"}}],"inLanguage":"en-US"}]}},"_links":{"self":[{"href":"https:\/\/fise.co\/en\/wp-json\/wp\/v2\/proveedores\/4389","targetHints":{"allow":["GET"]}}],"collection":[{"href":"https:\/\/fise.co\/en\/wp-json\/wp\/v2\/proveedores"}],"about":[{"href":"https:\/\/fise.co\/en\/wp-json\/wp\/v2\/types\/proveedores"}],"author":[{"embeddable":true,"href":"https:\/\/fise.co\/en\/wp-json\/wp\/v2\/users\/253"}],"version-history":[{"count":0,"href":"https:\/\/fise.co\/en\/wp-json\/wp\/v2\/proveedores\/4389\/revisions"}],"wp:featuredmedia":[{"embeddable":true,"href":"https:\/\/fise.co\/en\/wp-json\/wp\/v2\/media\/4388"}],"wp:attachment":[{"href":"https:\/\/fise.co\/en\/wp-json\/wp\/v2\/media?parent=4389"}],"wp:term":[{"taxonomy":"tipo_de_actividad","embeddable":true,"href":"https:\/\/fise.co\/en\/wp-json\/wp\/v2\/tipo_de_actividad?post=4389"},{"taxonomy":"academia","embeddable":true,"href":"https:\/\/fise.co\/en\/wp-json\/wp\/v2\/academia?post=4389"},{"taxonomy":"asociaciones_y_gremios","embeddable":true,"href":"https:\/\/fise.co\/en\/wp-json\/wp\/v2\/asociaciones_y_gremios?post=4389"},{"taxonomy":"bienes_y_servicios_conexos","embeddable":true,"href":"https:\/\/fise.co\/en\/wp-json\/wp\/v2\/bienes_y_servicios_conexos?post=4389"},{"taxonomy":"consumo","embeddable":true,"href":"https:\/\/fise.co\/en\/wp-json\/wp\/v2\/consumo?post=4389"},{"taxonomy":"generacion","embeddable":true,"href":"https:\/\/fise.co\/en\/wp-json\/wp\/v2\/generacion?post=4389"},{"taxonomy":"gobierno_e_instituciones","embeddable":true,"href":"https:\/\/fise.co\/en\/wp-json\/wp\/v2\/gobierno_e_instituciones?post=4389"},{"taxonomy":"power_y_utilities","embeddable":true,"href":"https:\/\/fise.co\/en\/wp-json\/wp\/v2\/power_y_utilities?post=4389"},{"taxonomy":"transmision_y_distribucion","embeddable":true,"href":"https:\/\/fise.co\/en\/wp-json\/wp\/v2\/transmision_y_distribucion?post=4389"},{"taxonomy":"otro","embeddable":true,"href":"https:\/\/fise.co\/en\/wp-json\/wp\/v2\/otro?post=4389"},{"taxonomy":"otras_actividades","embeddable":true,"href":"https:\/\/fise.co\/en\/wp-json\/wp\/v2\/otras_actividades?post=4389"},{"taxonomy":"listado_proveedores","embeddable":true,"href":"https:\/\/fise.co\/en\/wp-json\/wp\/v2\/listado_proveedores?post=4389"}],"curies":[{"name":"wp","href":"https:\/\/api.w.org\/{rel}","templated":true}]}}